{"id":4228,"date":"2024-01-11T15:03:27","date_gmt":"2024-01-11T14:03:27","guid":{"rendered":"https:\/\/www.odyssee-environnement.fr\/menciones-legales\/"},"modified":"2024-05-28T13:42:06","modified_gmt":"2024-05-28T11:42:06","slug":"menciones-legales","status":"publish","type":"page","link":"https:\/\/www.odyssee-environnement.fr\/es\/menciones-legales\/","title":{"rendered":"Menciones legales"},"content":{"rendered":"\n<section class=\"odyssee-block flex-start container-odyssee\" >\n        <div class=\"background-overlay has-primary-background-color\" style=\"\">\n                    \n            <svg xmlns=\"http:\/\/www.w3.org\/2000\/svg\" xmlns:xlink=\"http:\/\/www.w3.org\/1999\/xlink\" width=\"2332.433\" height=\"2898.525\" viewBox=\"0 0 2332.433 2898.525\">\n                <defs>\n                    <linearGradient id=\"linear-gradient\" x1=\"0.401\" y1=\"0.928\" x2=\"0.402\" y2=\"1.016\" gradientUnits=\"objectBoundingBox\">\n                    <stop offset=\"0\" stop-color=\"#fff\"\/>\n                    <stop offset=\"1\" stop-color=\"#7a7e80\" stop-opacity=\"0\"\/>\n                    <\/linearGradient>\n                    <linearGradient id=\"linear-gradient-2\" x1=\"0.53\" y1=\"0.798\" x2=\"0.528\" y2=\"0.931\" xlink:href=\"#linear-gradient\"\/>\n                <\/defs>\n                <g id=\"Group_12726\" data-name=\"Group 12726\" transform=\"translate(316.034 1366.262)\">\n                    <path id=\"Path_13396\" data-name=\"Path 13396\" d=\"M1472.949,795.811c1.351-200.366-74.4-400.819-227.132-553.583C1177.472,173.882,1150,143.352,1024.3,45.858c-8.61-6.905-17.836-14.545-27.179-23.066C1102.487,155.928,1165.866,324,1165.866,507.03c0,430.408-348.866,779.219-779.182,779.219a778.653,778.653,0,0,1-365.673-90.971c135.162,231.071,385.83,386.539,673.021,386.539,430.4,0,779.182-349.046,779.182-779.453,0-2.2-.264-4.173-.264-6.553\" transform=\"translate(398.44 -822.516)\" opacity=\"0.174\" fill=\"url(#linear-gradient)\"\/>\n                    <path id=\"Path_13397\" data-name=\"Path 13397\" d=\"M2035.252,954.755a806.021,806.021,0,0,0-62.263-69.786c-74.045-74.046-103.81-107.044-239.825-212.883C1597.355,566.336,1375.424,281.464,1375.424,0c0,77.954-17.13,156.232-44.662,230.895,55.975,217.437,218.052,415.775,324.831,499.165,131.225,102.107,160.05,133.9,231.568,205.155,159.2,159.64,238.444,369.114,236.975,578.236,0,2.116.323,4.5.323,6.7,0,449.566-364.174,814.155-813.824,814.155-449.621,0-813.8-364.589-813.8-814.155,0-2.2.206-4.584.206-6.7-1.322-209.121,77.718-418.6,237.239-578.236,71.372-71.255,100.2-103.047,231.275-205.155,45.6-35.525,101.372-92.558,154.643-162.373C497.545,591.929,0,1103.787,0,1732.269c0,644.2,522.138,1166.256,1166.275,1166.256,644.167,0,1166.157-522.055,1166.157-1166.256,0-298.888-112.508-571.272-297.181-777.514\" transform=\"translate(-316.034 -1366.262)\" opacity=\"0.174\" fill=\"url(#linear-gradient-2)\"\/>\n                <\/g>\n            <\/svg>\n                \n        <div class=\"wrapper-container\">\n                            <div class=\"breadcrumbs bleu\">\n                    <span class=\"home\"><a href=\"https:\/\/www.odyssee-environnement.fr\/es\/\" rel=\"nofollow\">Inicio<\/a><\/span>\n                                    <\/div>\n            \n            <div class=\"acf-innerblocks-container\">\n\n<div class=\"wp-block-columns is-layout-flex wp-container-core-columns-is-layout-01ca06ff wp-block-columns-is-layout-flex\" style=\"padding-top:100px;padding-bottom:100px\">\n<div class=\"wp-block-column is-layout-flow wp-block-column-is-layout-flow\">\n<h1 class=\"wp-block-heading has-white-color has-text-color has-link-color wp-elements-170e143226db6fae098f29064a2c26e9\">Menciones legales<\/h1>\n<\/div>\n\n\n\n<div class=\"wp-block-column is-layout-flow wp-block-column-is-layout-flow\"><\/div>\n<\/div>\n\n<\/div>\n        <\/div>\n            <\/div>\n<\/section>\n\n<section class=\"odyssee-block flex-start container-odyssee\" >\n        <div class=\"background-overlay has-background-background-color\" style=\"\">\n                \n        <div class=\"wrapper-container\">\n            \n            <div class=\"acf-innerblocks-container\">\n\n<div class=\"wp-block-columns is-layout-flex wp-container-core-columns-is-layout-01ca06ff wp-block-columns-is-layout-flex\" style=\"padding-top:100px;padding-bottom:100px\">\n<div class=\"wp-block-column is-layout-flow wp-block-column-is-layout-flow\">\n<p>La Sociedad por Acciones Simplificada Unipersonal (SASU) Odyss\u00e9e Environnement, velando por los derechos individuales, sobre todo en lo que respecta a los tratamientos automatizados, y con voluntad de transparencia hacia sus clientes, ha implementado una pol\u00edtica que retoma todos esos tratamientos, las finalidades que persiguen, y los medios de acci\u00f3n a disposici\u00f3n de las personas para que puedan ejercer mejor sus derechos. Para mayor informaci\u00f3n sobre la protecci\u00f3n de los datos personales, le rogamos que consulte el sitio web https:\/\/www.cnil.fr\/. Seguir navegando por este sitio web implica que acepta usted sin reservas las disposiciones y condiciones de uso que aqu\u00ed figuran. Acepta el uso de cookies y otros rastreadores. En caso contrario, le rogamos que pulse este enlace. La versi\u00f3n actualmente en l\u00ednea de estas condiciones de uso es la \u00fanica oponible durante toda la vigencia de uso del sitio web y hasta que una nueva versi\u00f3n la sustituya.<\/p>\n\n\n\n<h4 class=\"wp-block-heading\">Sitio web (en lo sucesivo, \u00abel sitio web\u00bb):<\/h4>\n\n\n\n<p><a href=\"https:\/\/www.odyssee-environnement.fr\/es\/\">https:\/\/www.odyssee-environnement.fr<\/a><\/p>\n\n\n\n<h4 class=\"wp-block-heading\">Editor (en lo sucesivo, \u00abel editor\u00bb):<\/h4>\n\n\n\n<p>Odyss\u00e9e Environnement, una empresa con un capital de 119.375,00 \u20ac, con domicilio social en:<\/p>\n\n\n\n<p>ZA La Belle Croix &#8211; 72510 Requeil (Francia),<\/p>\n\n\n\n<p>et repr\u00e9sent\u00e9e par Laurent Ballu, en qualit\u00e9 de Pr\u00e9sident, immatricul\u00e9e au RCS Le Mans B 488 697 640,<br\/>n\u00b0 de t\u00e9l\u00e9phone: <a href=\"tel:(0)2 43 44 39 33\">+33 (0)2 43 44 39 33<\/a><br\/>adresse mail: siege@odymail.com<\/p>\n\n\n\n<h4 class=\"wp-block-heading\">Servicio de hospedaje (en lo sucesivo, \u00abel servicio de hospedaje\u00bb):<\/h4>\n\n\n\n<p><a href=\"https:\/\/www.odyssee-environnement.fr\/es\/\">https:\/\/www.odyssee-environnement.fr\/<\/a> est\u00e1 hospedada por 2ISR, 16 bd Faidherbe &#8211; 49300 Cholet (Francia)<\/p>\n\n\n\n<h4 class=\"wp-block-heading\">Acceso al sitio web<\/h4>\n\n\n\n<p>El acceso al sitio web y su empleo est\u00e1n reservados para un uso estrictamente personal. Usted se compromete a no utilizar este sitio web ni la informaci\u00f3n o los datos en \u00e9l contenidos con fines comerciales, pol\u00edticos, publicitarios, ni para cualquier forma de prospecci\u00f3n comercial, incluido el env\u00edo de correos electr\u00f3nicos no solicitados.<\/p>\n\n\n\n<h4 class=\"wp-block-heading\">Contenido del sitio web<\/h4>\n\n\n\n<p>Todas las marcas, fotograf\u00edas, textos, comentarios, ilustraciones, im\u00e1genes animadas o no, secuencias de v\u00eddeo, sonidos, as\u00ed como todas las aplicaciones inform\u00e1ticas que se pudieran utilizar para el funcionamiento de este sitio web, y en general todos los elementos reproducidos o utilizados en el sitio web, est\u00e1n protegidos por las leyes vigentes en materia de propiedad intelectual.<\/p>\n\n\n\n<p>Son de la plena propiedad del editor o de sus colaboradores. Cualquier reproducci\u00f3n, representaci\u00f3n, uso o adaptaci\u00f3n, en cualesquiera formas, de la totalidad o parte de estos elementos, incluidas las aplicaciones inform\u00e1ticas, sin la previa autorizaci\u00f3n por escrito del editor, queda terminantemente prohibida. El hecho de que el editor no incoe un pleito en cuanto tenga conocimiento de estos usos no autorizados no significa que acepte dichos usos ni que renuncie a perseguirlos.<\/p>\n\n\n\n<h4 class=\"wp-block-heading\">Gesti\u00f3n del sitio web<\/h4>\n\n\n\n<p>Para la correcta gesti\u00f3n del sitio web, en todo momento el editor podr\u00e1:<\/p>\n\n\n\n<ul class=\"wp-block-list\">\n<li>suspender, interrumpir o limitar el acceso a la totalidad o parte del sitio web a una categor\u00eda espec\u00edfica de internautas, o reservar el acceso al sitio web o a algunas de sus zonas;<\/li>\n\n\n\n<li>eliminar cualquier informaci\u00f3n que pueda alterar su funcionamiento, o contravenir leyes nacionales o internacionales o las normas de netiqueta;<\/li>\n\n\n\n<li>cerrar temporalmente el sitio web para realizar actualizaciones.<\/li>\n<\/ul>\n\n\n\n<h4 class=\"wp-block-heading\">Responsabilidades<\/h4>\n\n\n\n<p>El editor declina toda responsabilidad en caso de fallo, aver\u00eda, dificultad o interrupci\u00f3n del funcionamiento del sitio web que impida acceder a \u00e9l o a alguna de sus funciones.<\/p>\n\n\n\n<p>El material de conexi\u00f3n al sitio web que utilice est\u00e1 bajo la exclusiva responsabilidad de usted. Debe adoptar todas las medidas pertinentes para proteger su equipo y sus propios datos, sobre todo contra ataques virales por Internet. Adem\u00e1s, ser\u00e1 totalmente responsable de lo que pueda ocurrirle por visitar sitios web y consultar datos.<\/p>\n\n\n\n<p>El editor no se hace responsable en caso de procedimientos judiciales contra usted debidos a:<\/p>\n\n\n\n<ul class=\"wp-block-list\">\n<li>el uso del sitio web o de cualquier servicio accesible a trav\u00e9s de Internet;<\/li>\n\n\n\n<li>su incumplimiento de estas condiciones generales.<\/li>\n<\/ul>\n\n\n\n<p>El editor no se hace responsable de los da\u00f1os causados a usted mismo, a terceros y\/o a su equipo como consecuencia de su conexi\u00f3n o de su uso del sitio web, y usted renuncia a cualquier acci\u00f3n contra \u00e9l por estos conceptos.<\/p>\n\n\n\n<p>Si el editor se viera sometido a un procedimiento amistoso o judicial debido al uso que haga usted del sitio web, \u00e9l podr\u00e1 ir contra usted para obtener una indemnizaci\u00f3n por todos los perjuicios, importes, condenas y costas que se pudieran derivar de ese procedimiento.<\/p>\n\n\n\n<h4 class=\"wp-block-heading\">Enlaces de hipertexto<\/h4>\n\n\n\n<p>El editor autoriza la implementaci\u00f3n por parte de los usuarios de cualquier enlace de hipertexto que conduzca a la totalidad o parte del sitio web. Cualquier enlace se deber\u00e1 eliminar simplemente con que el editor lo solicite.<\/p>\n\n\n\n<p>El editor no publica ninguna informaci\u00f3n accesible a trav\u00e9s de un enlace hacia otros sitios web. El editor no dispone de ning\u00fan derecho sobre el contenido presente en dicho enlace.<\/p>\n\n\n\n<h4 class=\"wp-block-heading\">Recopilaci\u00f3n y protecci\u00f3n de los datos<\/h4>\n\n\n\n<p>Los datos de usted los recoge la empresa Odyss\u00e9e Environnement<\/p>\n\n\n\n<p>Un dato personal es cualquier informaci\u00f3n relativa a una persona f\u00edsica identificada o identificable (titular de los datos). Se considera identificable a una persona a la que se pueda identificar directa o indirectamente sobre todo por referencia a un nombre, a un n\u00famero de identificaci\u00f3n o a uno o varios elementos espec\u00edficos, propios de su identidad f\u00edsica, fisiol\u00f3gica, gen\u00e9tica, psicol\u00f3gica, econ\u00f3mica, cultural o social.<\/p>\n\n\n\n<p>El editor utiliza la informaci\u00f3n personal que se pueda recopilar en el sitio web principalmente para gestionar las relaciones con usted y, si procede, para tramitar sus pedidos.<\/p>\n\n\n\n<p>Los datos personales recopilados son los siguientes:<\/p>\n\n\n\n<ul class=\"wp-block-list\">\n<li>Apellidos y Nombre<\/li>\n\n\n\n<li>Direcci\u00f3n IP parcial (\u00faltimos d\u00edgitos ocultos).<\/li>\n\n\n\n<li>Direcci\u00f3n<\/li>\n\n\n\n<li>Correo electr\u00f3nico<\/li>\n\n\n\n<li>N\u00famero de tel\u00e9fono<\/li>\n\n\n\n<li>Cargo<\/li>\n\n\n\n<li>Datos financieros: En el contexto del pago de los productos y servicios prestados por la Plataforma, esta estructura registra los datos financieros relativos a la tarjeta de cr\u00e9dito del usuario.<\/li>\n<\/ul>\n\n\n\n<h4 class=\"wp-block-heading\">Derecho de acceso, de rectificaci\u00f3n y de eliminaci\u00f3n de sus datos<\/h4>\n\n\n\n<p>Con arreglo a la normativa aplicable a los datos personales, los usuarios disponen de los siguientes derechos:<\/p>\n\n\n\n<ul class=\"wp-block-list\">\n<li>Derecho de acceso: Pueden ejercer su derecho de acceso, para saber de qu\u00e9 datos personales dispone la Plataforma, dirigi\u00e9ndose por escrito a la siguiente direcci\u00f3n de correo electr\u00f3nico. En dicho caso, antes de ejercer ese derecho, la Plataforma podr\u00e1 solicitar una prueba de la identidad del usuario para comprobar su exactitud.<\/li>\n\n\n\n<li>Derecho de rectificaci\u00f3n: Si los datos personales que obran en poder de la Plataforma fueran inexactos, podr\u00e1n solicitar que se actualicen.<\/li>\n\n\n\n<li>Derecho a la eliminaci\u00f3n de los datos: Los usuarios podr\u00e1n solicitar la eliminaci\u00f3n de sus datos personales, con arreglo a la legislaci\u00f3n de protecci\u00f3n de datos aplicable.<\/li>\n\n\n\n<li>Derecho a limitar el tratamiento: Los usuarios pueden solicitar a la Plataforma que limite el tratamiento de sus datos personales de conformidad con los supuestos previstos por el RGPD.<\/li>\n\n\n\n<li>Derecho de oposici\u00f3n al tratamiento de los datos personales: Los usuarios se pueden oponer a que sus datos se traten, de conformidad con los supuestos previstos por el RGPD.<\/li>\n\n\n\n<li>Derecho a la portabilidad: Los usuarios pueden solicitar que la Plataforma les proporcione los datos personales que le hayan facilitado, para transmit\u00edrselos a una nueva Plataforma.<\/li>\n<\/ul>\n\n\n\n<p>Puede usted ejercer este derecho dirigi\u00e9ndose a nosotros en la siguiente direcci\u00f3n: ZA La Belle Croix &#8211; 72510 Requeil (Francia)<\/p>\n\n\n\n<p>O por correo electr\u00f3nico a la siguiente direcci\u00f3n: siege@odymail.com<\/p>\n\n\n\n<p>Cualquier solicitud deber\u00e1 ir acompa\u00f1ada de una fotocopia de un documento de identidad v\u00e1lido firmado, y en la que figure la direcci\u00f3n donde el editor puede ponerse en contacto con el solicitante. La respuesta se le enviar\u00e1 en el plazo de un mes desde la recepci\u00f3n de la solicitud. Este plazo de un mes se podr\u00e1 ampliar en dos meses, si la complejidad de la solicitud y\/o la cantidad de peticiones as\u00ed lo exigieran.<\/p>\n\n\n\n<p>Adem\u00e1s, y desde la ley 2016-1321 del 7 de octubre de 2016, las personas que lo deseen tienen la posibilidad de decidir que se har\u00e1 con sus datos tras su fallecimiento. Para obtener m\u00e1s informaci\u00f3n sobre este asunto, puede consultar el sitio web de la CNIL: https:\/\/www.cnil.fr\/.<\/p>\n\n\n\n<p>Los usuarios tambi\u00e9n pueden presentar una reclamaci\u00f3n ante la CNIL en el sitio web de esta entidad: https:\/\/www.cnil.fr.<\/p>\n\n\n\n<p>Le recomendamos que se dirija a nosotros a trav\u00e9s del contacto de la Plataforma antes de presentar una queja ante la CNIL, ya que estamos a su completa disposici\u00f3n para resolver su problema.<\/p>\n\n\n\n<h4 class=\"wp-block-heading\">Uso de los datos<\/h4>\n\n\n\n<p>La finalidad de los datos personales recabados de los usuarios es la prestaci\u00f3n de los servicios de la Plataforma, su mejora y el mantenimiento de un entorno protegido. La base jur\u00eddica de los tratamientos es el cumplimiento del contrato entre el usuario y la Plataforma. M\u00e1s en concreto, los usos son los siguientes:<\/p>\n\n\n\n<ul class=\"wp-block-list\">\n<li>Acceso y uso de la Plataforma por parte del usuario;<\/li>\n\n\n\n<li>Gesti\u00f3n del funcionamiento y optimizaci\u00f3n de la Plataforma;<\/li>\n\n\n\n<li>Implementaci\u00f3n de una asistencia al usuario;<\/li>\n\n\n\n<li>Comprobaci\u00f3n, identificaci\u00f3n y autenticaci\u00f3n de los datos facilitados por el usuario;<\/li>\n\n\n\n<li>Personalizaci\u00f3n de los servicios mostrando anuncios de publicidad basados en el historial de navegaci\u00f3n del usuario, seg\u00fan sus preferencias;<\/li>\n\n\n\n<li>Prevenci\u00f3n y detecci\u00f3n de fraudes, malware (software malicioso) y gesti\u00f3n de las incidencias de seguridad;<\/li>\n\n\n\n<li>Gesti\u00f3n de los posibles conflictos con los usuarios;<\/li>\n\n\n\n<li>Env\u00edo de informaci\u00f3n comercial y publicitaria, basada en las preferencias del usuario;<\/li>\n\n\n\n<li>Organizaci\u00f3n de las condiciones de uso de los Servicios de Pago.<\/li>\n<\/ul>\n\n\n\n<h4 class=\"wp-block-heading\">Pol\u00edtica de conservaci\u00f3n de los datos<\/h4>\n\n\n\n<p>La Plataforma conservar\u00e1 sus datos durante el tiempo que sea necesario para prestarle sus servicios o brindarle asistencia. En la medida razonablemente necesaria o exigible para satisfacer las obligaciones legales o reglamentarias, resolver litigios, impedir fraudes y abusos, o hacer cumplir nuestras condiciones, tambi\u00e9n podremos conservar parte de sus datos, si es preciso, incluso despu\u00e9s de que usted cierre su cuenta o de que ya no los necesitamos para prestarle los servicios.<\/p>\n\n\n\n<h4 class=\"wp-block-heading\">Compartici\u00f3n de los datos personales con terceras partes<\/h4>\n\n\n\n<p>Los datos personales se podr\u00e1n compartir con otras empresas exclusivamente en la Uni\u00f3n Europea, en los siguientes casos:<\/p>\n\n\n\n<ul class=\"wp-block-list\">\n<li>si el usuario utiliza servicios de pago, para la implementaci\u00f3n de dichos servicios, la Plataforma est\u00e1 en contacto con compa\u00f1\u00edas bancarias y financieras con las que ha firmado contratos;<\/li>\n\n\n\n<li>si el usuario publica, en las zonas de comentarios gratuitos de la Plataforma, informaci\u00f3n accesible al p\u00fablico;<\/li>\n\n\n\n<li>si el usuario autoriza al sitio web de una tercera parte a acceder a sus datos;<\/li>\n\n\n\n<li>si la Plataforma recurre a proveedores de servicios para prestar asistencia a los usuarios, publicidad y servicios de pago. Estos proveedores de servicios tienen un acceso limitado a los datos de los usuarios, en el marco de la prestaci\u00f3n de estos servicios, y la obligaci\u00f3n contractual de utilizarlos con arreglo a lo dispuesto por la normativa aplicable en materia de protecci\u00f3n de datos personales;<\/li>\n\n\n\n<li>si la ley as\u00ed lo exige, puede que la Plataforma transmita datos para dar curso a las reclamaciones presentadas contra la Plataforma y atenerse a los procedimientos administrativos y judiciales;<\/li>\n<\/ul>\n\n\n\n<h4 class=\"wp-block-heading\">Ofertas comerciales<\/h4>\n\n\n\n<p>Es posible que reciba usted ofertas comerciales del editor. Si no desea hacerlo, pulse el siguiente enlace: <a href=\"mailto:siege@odymail.com\"><\/a><a href=\"mailto:contact@dezideos.fr\">siege@odymail.<\/a>com<\/p>\n\n\n\n<p>Los colaboradores del editor podr\u00e1n utilizar sus datos con un prop\u00f3sito de prospecci\u00f3n comercial. Si no desea que puedan hacerlo, pulse el siguiente enlace: <a href=\"mailto:siege@odymail.com\">siege@odymail.<\/a>com<\/p>\n\n\n\n<p>Si mientras consulta el sitio web accede a datos personales, deber\u00e1 abstenerse de recogerlos, utilizarlos sin autorizaci\u00f3n o hacer cualquier cosa que pueda constituir una vulneraci\u00f3n de la intimidad o la reputaci\u00f3n de las personas. El editor declina toda responsabilidad al respecto.<\/p>\n\n\n\n<p>Los datos se conservan y utilizan durante un plazo conforme con la legislaci\u00f3n vigente.<\/p>\n\n\n\n<h4 class=\"wp-block-heading\">Fotograf\u00edas y representaci\u00f3n de los productos<\/h4>\n\n\n\n<p>Las fotograf\u00edas de los productos, que acompa\u00f1an a su descripci\u00f3n, no tienen car\u00e1cter contractual ni comprometen al editor.<\/p>\n\n\n\n<h4 class=\"wp-block-heading\">Derecho aplicable<\/h4>\n\n\n\n<p>Estas condiciones de uso del sitio web se rigen por la legislaci\u00f3n francesa y est\u00e1n sujetas a la jurisdicci\u00f3n de los tribunales del domicilio social del editor, salvo que alguna ley o reglamento esptipule un tribunal de jurisdicci\u00f3n espec\u00edfico.<\/p>\n\n\n\n<h4 class=\"wp-block-heading\">P\u00f3ngase en contacto con nosotros<\/h4>\n\n\n\n<p>Para cualquier consulta, informaci\u00f3n sobre los productos que aparecen en el sitio web o sobre el sitio web como tal, puede enviar un mensaje a la siguiente direcci\u00f3n: siege@odymail.com<\/p>\n<\/div>\n<\/div>\n\n<\/div>\n        <\/div>\n                <svg id=\"separator_bottom\" class=\"separator\" xmlns=\"http:\/\/www.w3.org\/2000\/svg\" viewBox=\"0 0 1920 131.1\">\n            <path id=\"Path_14520\" d=\"m0,131.1v-59.94s899.47-160.12,1920,0v59.94H0Z\" fill=\"#009ee0\"\/>\n        <\/svg>\n            <\/div>\n<\/section>\n","protected":false},"excerpt":{"rendered":"","protected":false},"author":1,"featured_media":0,"parent":0,"menu_order":0,"comment_status":"closed","ping_status":"closed","template":"","meta":{"_acf_changed":false,"footnotes":""},"class_list":["post-4228","page","type-page","status-publish","hentry"],"acf":[],"_links":{"self":[{"href":"https:\/\/www.odyssee-environnement.fr\/es\/wp-json\/wp\/v2\/pages\/4228","targetHints":{"allow":["GET"]}}],"collection":[{"href":"https:\/\/www.odyssee-environnement.fr\/es\/wp-json\/wp\/v2\/pages"}],"about":[{"href":"https:\/\/www.odyssee-environnement.fr\/es\/wp-json\/wp\/v2\/types\/page"}],"author":[{"embeddable":true,"href":"https:\/\/www.odyssee-environnement.fr\/es\/wp-json\/wp\/v2\/users\/1"}],"replies":[{"embeddable":true,"href":"https:\/\/www.odyssee-environnement.fr\/es\/wp-json\/wp\/v2\/comments?post=4228"}],"version-history":[{"count":1,"href":"https:\/\/www.odyssee-environnement.fr\/es\/wp-json\/wp\/v2\/pages\/4228\/revisions"}],"predecessor-version":[{"id":4229,"href":"https:\/\/www.odyssee-environnement.fr\/es\/wp-json\/wp\/v2\/pages\/4228\/revisions\/4229"}],"wp:attachment":[{"href":"https:\/\/www.odyssee-environnement.fr\/es\/wp-json\/wp\/v2\/media?parent=4228"}],"curies":[{"name":"wp","href":"https:\/\/api.w.org\/{rel}","templated":true}]}}